{"id":70,"date":"2023-03-02T18:58:18","date_gmt":"2023-03-02T16:28:18","guid":{"rendered":"https:\/\/acv.pm\/?page_id=70"},"modified":"2023-05-21T23:28:32","modified_gmt":"2023-05-21T21:28:32","slug":"unete","status":"publish","type":"page","link":"https:\/\/acv.pm\/index.php\/unete\/","title":{"rendered":"\u00daNETE."},"content":{"rendered":"\n<ul>\n<li class=\"has-medium-font-size\">\u00bfTe gustar\u00eda no tener que estar preocupado por encontrar o perder un puesto de trabajo?<\/li>\n<\/ul>\n\n\n\n<ul>\n<li class=\"has-medium-font-size\">\u00bfTe gustar\u00eda vivir en una casa de tu propiedad sin que la hipoteca sea tu horca?<\/li>\n<\/ul>\n\n\n\n<ul>\n<li class=\"has-medium-font-size\">\u00bfTe gustar\u00eda tener un negocio pr\u00f3spero y que nuestros gobernantes no sean nuestros principales obst\u00e1culos?<\/li>\n<\/ul>\n\n\n\n<ul>\n<li class=\"has-medium-font-size\">\u00a0\u00bfTe gustar\u00eda que nuestro barrio est\u00e9 lleno de luz de escaparates, vecinos paseando y comprando ?<\/li>\n<\/ul>\n\n\n\n<ul>\n<li class=\"has-medium-font-size\">\u00a0\u00bfTe gustar\u00eda no preocuparte por el futuro de tus hijos o nietos por la incertidumbre existente en este momento?<\/li>\n<\/ul>\n\n\n\n<ul>\n<li class=\"has-medium-font-size\">\u00bfTe gustar\u00eda que todo cambie a mejor?<\/li>\n<\/ul>\n\n\n\n<p class=\"has-text-align-center\" style=\"font-size:30px\"><strong>PUES&nbsp; SI QUIERES QUE ALGO CAMBIE EMPIEZA POR TI.  TOMA LAS RIENDAS DE TU VIDA.<\/strong><\/p>\n\n\n\n<p><\/p>\n\n\n<div class=\"wpforms-container wpforms-container-full wpforms-block wpforms-block-951bcc79-ca48-4361-97ac-65cee1dda9fc\" id=\"wpforms-342\"><form id=\"wpforms-form-342\" class=\"wpforms-validate wpforms-form wpforms-ajax-form\" data-formid=\"342\" method=\"post\" enctype=\"multipart\/form-data\" action=\"\/index.php\/wp-json\/wp\/v2\/pages\/70\" data-token=\"f01de9e26583fd8bc0511204256ebcd1\"><noscript class=\"wpforms-error-noscript\">Por favor, activa JavaScript en tu navegador para completar este formulario.<\/noscript><div class=\"wpforms-field-container\"><div id=\"wpforms-342-field_1-container\" class=\"wpforms-field wpforms-field-name\" data-field-id=\"1\"><label class=\"wpforms-field-label\" for=\"wpforms-342-field_1\">Nombre <span class=\"wpforms-required-label\">*<\/span><\/label><div class=\"wpforms-field-row wpforms-field-medium\"><div class=\"wpforms-field-row-block wpforms-first wpforms-one-half\"><input type=\"text\" id=\"wpforms-342-field_1\" class=\"wpforms-field-name-first wpforms-field-required\" name=\"wpforms[fields][1][first]\" required><label for=\"wpforms-342-field_1\" class=\"wpforms-field-sublabel after \">Nombre<\/label><\/div><div class=\"wpforms-field-row-block wpforms-one-half\"><input type=\"text\" id=\"wpforms-342-field_1-last\" class=\"wpforms-field-name-last wpforms-field-required\" name=\"wpforms[fields][1][last]\" required><label for=\"wpforms-342-field_1-last\" class=\"wpforms-field-sublabel after \">Apellidos<\/label><\/div><\/div><\/div><div id=\"wpforms-342-field_3-container\" class=\"wpforms-field wpforms-field-number\" data-field-id=\"3\"><label class=\"wpforms-field-label\" for=\"wpforms-342-field_3\">Telefono whatsapp<\/label><input type=\"number\" pattern=\"\\d*\" id=\"wpforms-342-field_3\" class=\"wpforms-field-medium\" name=\"wpforms[fields][3]\" ><\/div><div id=\"wpforms-342-field_2-container\" class=\"wpforms-field wpforms-field-email\" data-field-id=\"2\"><label class=\"wpforms-field-label\" for=\"wpforms-342-field_2\">Correo electr\u00f3nico <span class=\"wpforms-required-label\">*<\/span><\/label><input type=\"email\" id=\"wpforms-342-field_2\" class=\"wpforms-field-medium wpforms-field-required\" name=\"wpforms[fields][2]\" spellcheck=\"false\" required><\/div><div id=\"wpforms-342-field_5-container\" class=\"wpforms-field wpforms-field-textarea\" data-field-id=\"5\"><label class=\"wpforms-field-label\" for=\"wpforms-342-field_5\">P\u00e1rrafo de texto<\/label><textarea id=\"wpforms-342-field_5\" class=\"wpforms-field-medium\" name=\"wpforms[fields][5]\" ><\/textarea><\/div><\/div><!-- .wpforms-field-container --><div class=\"wpforms-submit-container\" ><input type=\"hidden\" name=\"wpforms[id]\" value=\"342\"><input type=\"hidden\" name=\"wpforms[author]\" value=\"1\"><button type=\"submit\" name=\"wpforms[submit]\" id=\"wpforms-submit-342\" class=\"wpforms-submit\" data-alt-text=\"Enviando...\" data-submit-text=\"Enviar\" aria-live=\"assertive\" value=\"wpforms-submit\">Enviar<\/button><img loading=\"lazy\" decoding=\"async\" src=\"https:\/\/acv.pm\/wp-content\/plugins\/wpforms-lite\/assets\/images\/submit-spin.svg\" class=\"wpforms-submit-spinner\" style=\"display: none;\" width=\"26\" height=\"26\" alt=\"Cargando\"><\/div><\/form><\/div>  <!-- .wpforms-container --><p>Impactos: 43<\/p>","protected":false},"excerpt":{"rendered":"<p>PUES&nbsp; SI QUIERES QUE ALGO CAMBIE EMPIEZA POR TI. TOMA LAS RIENDAS DE TU VIDA. Impactos: 43<\/p>\n","protected":false},"author":1,"featured_media":0,"parent":0,"menu_order":0,"comment_status":"closed","ping_status":"closed","template":"","meta":{"om_disable_all_campaigns":false,"_mi_skip_tracking":false,"_monsterinsights_sitenote_active":false,"_monsterinsights_sitenote_note":"","_monsterinsights_sitenote_category":0,"footnotes":""},"aioseo_notices":[],"yoast_head":"<!-- This site is optimized with the Yoast SEO plugin v20.8 - https:\/\/yoast.com\/wordpress\/plugins\/seo\/ -->\n<title>\u00daNETE. - Alianza por el Comercio y la Vivienda<\/title>\n<meta name=\"robots\" content=\"index, follow, max-snippet:-1, max-image-preview:large, max-video-preview:-1\" \/>\n<link rel=\"canonical\" href=\"https:\/\/acv.pm\/index.php\/unete\/\" \/>\n<meta property=\"og:locale\" content=\"es_ES\" \/>\n<meta property=\"og:type\" content=\"article\" \/>\n<meta property=\"og:title\" content=\"\u00daNETE. - Alianza por el Comercio y la Vivienda\" \/>\n<meta property=\"og:description\" content=\"PUES&nbsp; SI QUIERES QUE ALGO CAMBIE EMPIEZA POR TI. TOMA LAS RIENDAS DE TU VIDA. Impactos: 43\" \/>\n<meta property=\"og:url\" content=\"https:\/\/acv.pm\/index.php\/unete\/\" \/>\n<meta property=\"og:site_name\" content=\"Alianza por el Comercio y la Vivienda\" \/>\n<meta property=\"article:publisher\" content=\"https:\/\/www.facebook.com\/WWW.ACV.PM\" \/>\n<meta property=\"article:modified_time\" content=\"2023-05-21T21:28:32+00:00\" \/>\n<meta name=\"twitter:card\" content=\"summary_large_image\" \/>\n<meta name=\"twitter:label1\" content=\"Tiempo de lectura\" \/>\n\t<meta name=\"twitter:data1\" content=\"1 minuto\" \/>\n<script type=\"application\/ld+json\" class=\"yoast-schema-graph\">{\"@context\":\"https:\/\/schema.org\",\"@graph\":[{\"@type\":\"WebPage\",\"@id\":\"https:\/\/acv.pm\/index.php\/unete\/\",\"url\":\"https:\/\/acv.pm\/index.php\/unete\/\",\"name\":\"\u00daNETE. - Alianza por el Comercio y la Vivienda\",\"isPartOf\":{\"@id\":\"https:\/\/acv.pm\/#website\"},\"datePublished\":\"2023-03-02T16:28:18+00:00\",\"dateModified\":\"2023-05-21T21:28:32+00:00\",\"breadcrumb\":{\"@id\":\"https:\/\/acv.pm\/index.php\/unete\/#breadcrumb\"},\"inLanguage\":\"es\",\"potentialAction\":[{\"@type\":\"ReadAction\",\"target\":[\"https:\/\/acv.pm\/index.php\/unete\/\"]}]},{\"@type\":\"BreadcrumbList\",\"@id\":\"https:\/\/acv.pm\/index.php\/unete\/#breadcrumb\",\"itemListElement\":[{\"@type\":\"ListItem\",\"position\":1,\"name\":\"Portada\",\"item\":\"https:\/\/acv.pm\/\"},{\"@type\":\"ListItem\",\"position\":2,\"name\":\"\u00daNETE.\"}]},{\"@type\":\"WebSite\",\"@id\":\"https:\/\/acv.pm\/#website\",\"url\":\"https:\/\/acv.pm\/\",\"name\":\"Alianza por el Comercio y la Vivienda\",\"description\":\"\",\"publisher\":{\"@id\":\"https:\/\/acv.pm\/#organization\"},\"potentialAction\":[{\"@type\":\"SearchAction\",\"target\":{\"@type\":\"EntryPoint\",\"urlTemplate\":\"https:\/\/acv.pm\/?s={search_term_string}\"},\"query-input\":\"required name=search_term_string\"}],\"inLanguage\":\"es\"},{\"@type\":\"Organization\",\"@id\":\"https:\/\/acv.pm\/#organization\",\"name\":\"Alianza por el Comercio y la Vivienda\",\"url\":\"https:\/\/acv.pm\/\",\"logo\":{\"@type\":\"ImageObject\",\"inLanguage\":\"es\",\"@id\":\"https:\/\/acv.pm\/#\/schema\/logo\/image\/\",\"url\":\"http:\/\/acv.pm\/wp-content\/uploads\/2023\/05\/logogif.gif\",\"contentUrl\":\"http:\/\/acv.pm\/wp-content\/uploads\/2023\/05\/logogif.gif\",\"width\":377,\"height\":352,\"caption\":\"Alianza por el Comercio y la Vivienda\"},\"image\":{\"@id\":\"https:\/\/acv.pm\/#\/schema\/logo\/image\/\"},\"sameAs\":[\"https:\/\/www.facebook.com\/WWW.ACV.PM\",\"https:\/\/www.youtube.com\/@AlianzaPorElComercioyVivienda\"]}]}<\/script>\n<!-- \/ Yoast SEO plugin. -->","yoast_head_json":{"title":"\u00daNETE. - Alianza por el Comercio y la Vivienda","robots":{"index":"index","follow":"follow","max-snippet":"max-snippet:-1","max-image-preview":"max-image-preview:large","max-video-preview":"max-video-preview:-1"},"canonical":"https:\/\/acv.pm\/index.php\/unete\/","og_locale":"es_ES","og_type":"article","og_title":"\u00daNETE. - Alianza por el Comercio y la Vivienda","og_description":"PUES&nbsp; SI QUIERES QUE ALGO CAMBIE EMPIEZA POR TI. TOMA LAS RIENDAS DE TU VIDA. Impactos: 43","og_url":"https:\/\/acv.pm\/index.php\/unete\/","og_site_name":"Alianza por el Comercio y la Vivienda","article_publisher":"https:\/\/www.facebook.com\/WWW.ACV.PM","article_modified_time":"2023-05-21T21:28:32+00:00","twitter_card":"summary_large_image","twitter_misc":{"Tiempo de lectura":"1 minuto"},"schema":{"@context":"https:\/\/schema.org","@graph":[{"@type":"WebPage","@id":"https:\/\/acv.pm\/index.php\/unete\/","url":"https:\/\/acv.pm\/index.php\/unete\/","name":"\u00daNETE. - Alianza por el Comercio y la Vivienda","isPartOf":{"@id":"https:\/\/acv.pm\/#website"},"datePublished":"2023-03-02T16:28:18+00:00","dateModified":"2023-05-21T21:28:32+00:00","breadcrumb":{"@id":"https:\/\/acv.pm\/index.php\/unete\/#breadcrumb"},"inLanguage":"es","potentialAction":[{"@type":"ReadAction","target":["https:\/\/acv.pm\/index.php\/unete\/"]}]},{"@type":"BreadcrumbList","@id":"https:\/\/acv.pm\/index.php\/unete\/#breadcrumb","itemListElement":[{"@type":"ListItem","position":1,"name":"Portada","item":"https:\/\/acv.pm\/"},{"@type":"ListItem","position":2,"name":"\u00daNETE."}]},{"@type":"WebSite","@id":"https:\/\/acv.pm\/#website","url":"https:\/\/acv.pm\/","name":"Alianza por el Comercio y la Vivienda","description":"","publisher":{"@id":"https:\/\/acv.pm\/#organization"},"potentialAction":[{"@type":"SearchAction","target":{"@type":"EntryPoint","urlTemplate":"https:\/\/acv.pm\/?s={search_term_string}"},"query-input":"required name=search_term_string"}],"inLanguage":"es"},{"@type":"Organization","@id":"https:\/\/acv.pm\/#organization","name":"Alianza por el Comercio y la Vivienda","url":"https:\/\/acv.pm\/","logo":{"@type":"ImageObject","inLanguage":"es","@id":"https:\/\/acv.pm\/#\/schema\/logo\/image\/","url":"http:\/\/acv.pm\/wp-content\/uploads\/2023\/05\/logogif.gif","contentUrl":"http:\/\/acv.pm\/wp-content\/uploads\/2023\/05\/logogif.gif","width":377,"height":352,"caption":"Alianza por el Comercio y la Vivienda"},"image":{"@id":"https:\/\/acv.pm\/#\/schema\/logo\/image\/"},"sameAs":["https:\/\/www.facebook.com\/WWW.ACV.PM","https:\/\/www.youtube.com\/@AlianzaPorElComercioyVivienda"]}]}},"_links":{"self":[{"href":"https:\/\/acv.pm\/index.php\/wp-json\/wp\/v2\/pages\/70"}],"collection":[{"href":"https:\/\/acv.pm\/index.php\/wp-json\/wp\/v2\/pages"}],"about":[{"href":"https:\/\/acv.pm\/index.php\/wp-json\/wp\/v2\/types\/page"}],"author":[{"embeddable":true,"href":"https:\/\/acv.pm\/index.php\/wp-json\/wp\/v2\/users\/1"}],"replies":[{"embeddable":true,"href":"https:\/\/acv.pm\/index.php\/wp-json\/wp\/v2\/comments?post=70"}],"version-history":[{"count":12,"href":"https:\/\/acv.pm\/index.php\/wp-json\/wp\/v2\/pages\/70\/revisions"}],"predecessor-version":[{"id":578,"href":"https:\/\/acv.pm\/index.php\/wp-json\/wp\/v2\/pages\/70\/revisions\/578"}],"wp:attachment":[{"href":"https:\/\/acv.pm\/index.php\/wp-json\/wp\/v2\/media?parent=70"}],"curies":[{"name":"wp","href":"https:\/\/api.w.org\/{rel}","templated":true}]}}