{"id":612,"date":"2023-06-07T19:18:19","date_gmt":"2023-06-07T17:18:19","guid":{"rendered":"https:\/\/acv.pm\/?page_id=612"},"modified":"2023-06-07T20:16:19","modified_gmt":"2023-06-07T18:16:19","slug":"firmas-elecciones-cortes-generales-23j","status":"publish","type":"page","link":"https:\/\/acv.pm\/index.php\/firmas-elecciones-cortes-generales-23j\/","title":{"rendered":"Firmas elecciones Cortes Generales 23J"},"content":{"rendered":"\n<p class=\"has-text-align-center has-x-large-font-size\"><strong>Estamos recogiendo firmas para presentarnos a las elecciones generales<\/strong><\/p>\n\n\n\n<div class=\"wp-block-columns is-layout-flex wp-container-core-columns-layout-1 wp-block-columns-is-layout-flex\">\n<div class=\"wp-block-column is-layout-flow wp-block-column-is-layout-flow\">\n<p class=\"has-medium-font-size\">Descarga el documento de avales que tienes a tu derecha y lo imprimes, recuerda que solo tienes que rellenar los campos de nombre, sexo, dni, fecha de nacimiento, localidad donde estas empadronado.<\/p>\n\n\n\n<p class=\"has-medium-font-size\"><strong>Solo son validas las firmas de DNI \u00f3sea espa\u00f1oles y que est\u00e9n empadronados en la provincia de Alicante y Valencia.<\/strong><\/p>\n\n\n\n<p class=\"has-medium-font-size\">Nos env\u00edas un whatsapp al <a href=\"https:\/\/api.whatsapp.com\/send?phone=34644944408\" target=\"_blank\" rel=\"noopener\" title=\"\">644 944 408<\/a> o un correo a <a href=\"mailto:avales@acv.pm\" target=\"_blank\" rel=\"noopener\" title=\"\">avales@acv.pm<\/a><\/p>\n<\/div>\n\n\n\n<div class=\"wp-block-column is-layout-flow wp-block-column-is-layout-flow\"><div class=\"wp-block-image\">\n<figure class=\"alignleft size-full is-resized\"><a href=\"http:\/\/acv.pm\/wp-content\/uploads\/2023\/06\/C.3-castellano-formulario-aLIANZA-DOBLE.pdf\"><img loading=\"lazy\" decoding=\"async\" src=\"http:\/\/acv.pm\/wp-content\/uploads\/2023\/06\/avales-generales-2023.png\" alt=\"\" class=\"wp-image-614\" width=\"247\" height=\"353\" srcset=\"https:\/\/acv.pm\/wp-content\/uploads\/2023\/06\/avales-generales-2023.png 585w, https:\/\/acv.pm\/wp-content\/uploads\/2023\/06\/avales-generales-2023-209x300.png 209w\" sizes=\"(max-width: 247px) 100vw, 247px\" \/><\/a><\/figure><\/div><\/div>\n<\/div>\n\n\n\n<figure class=\"wp-block-embed is-type-video is-provider-youtube wp-block-embed-youtube wp-embed-aspect-16-9 wp-has-aspect-ratio\"><div class=\"wp-block-embed__wrapper\">\n<div class=\"jetpack-video-wrapper\"><iframe loading=\"lazy\" title=\"Benidorm necesitamos firmas para las elecciones generales en julio 2023\" width=\"1170\" height=\"658\" src=\"https:\/\/www.youtube.com\/embed\/Mxf4sOSGARM?feature=oembed\" frameborder=\"0\" allow=\"accelerometer; autoplay; clipboard-write; encrypted-media; gyroscope; picture-in-picture; web-share\" allowfullscreen><\/iframe><\/div>\n<\/div><\/figure>\n\n\n\n<p class=\"has-large-font-size\">Estimados ciudadanos y ciudadanas,<\/p>\n\n\n\n<p class=\"has-medium-font-size\">El pr\u00f3ximo 23 de julio de 2023 se celebrar\u00e1n las elecciones generales en nuestro pa\u00eds. Estas elecciones son una oportunidad \u00fanica para cambiar el rumbo de nuestra sociedad y defender nuestros derechos e intereses como trabajadores, consumidores y vecinos.<\/p>\n\n\n\n<p class=\"has-medium-font-size\">Por eso, desde el partido pol\u00edtico ALIANZA POR EL COMERCIO Y LA VIVIENDA, os pedimos vuestra colaboraci\u00f3n para recoger las firmas necesarias que nos permitan presentarnos a las elecciones y tener representaci\u00f3n en las cortes.<\/p>\n\n\n\n<p class=\"has-medium-font-size\">ALIANZA POR EL COMERCIO Y LA VIVIENDA es un partido que nace de la uni\u00f3n de diversos colectivos sociales que luchan por una econom\u00eda m\u00e1s justa y solidaria, por una vivienda digna y asequible para todos y todas, y por una democracia m\u00e1s participativa y transparente.<\/p>\n\n\n\n<p class=\"has-medium-font-size\">Nuestras propuestas se basan en los siguientes ejes:<\/p>\n\n\n\n<p class=\"has-medium-font-size\">\u2022 Impulsar el comercio local y de proximidad, apoyando a los peque\u00f1os y medianos empresarios frente a las grandes superficies y multinacionales.<\/p>\n\n\n\n<p class=\"has-medium-font-size\">\u2022 Regular el mercado del alquiler y frenar la especulaci\u00f3n inmobiliaria, garantizando el derecho a la vivienda y evitando los desahucios.<\/p>\n\n\n\n<p class=\"has-medium-font-size\">\u2022 Promover la transici\u00f3n ecol\u00f3gica y la soberan\u00eda alimentaria, fomentando el consumo responsable y el uso de energ\u00edas renovables.<\/p>\n\n\n\n<p class=\"has-medium-font-size\">\u2022 Reformar el sistema electoral y la ley de partidos, favoreciendo la pluralidad pol\u00edtica y la rendici\u00f3n de cuentas de los representantes p\u00fablicos.<\/p>\n\n\n\n<p class=\"has-medium-font-size\">Para poder llevar a cabo estas propuestas, necesitamos vuestro apoyo. Solo con vuestras firmas podremos presentarnos a las elecciones y hacer o\u00edr nuestra voz en las instituciones.<\/p>\n\n\n\n<p class=\"has-medium-font-size\">Por eso, os animamos a que firm\u00e9is nuestra candidatura y a que difund\u00e1is nuestro mensaje entre vuestros familiares, amigos y conocidos. Pod\u00e9is encontrar nuestros puntos de recogida de firmas en nuestra p\u00e1gina web o en nuestras redes sociales.<\/p>\n\n\n\n<p class=\"has-medium-font-size\">No dej\u00e9is pasar esta oportunidad de cambiar las cosas. Juntos y juntas podemos construir una sociedad m\u00e1s justa, sostenible e inclusiva.<\/p>\n\n\n\n<p class=\"has-medium-font-size\">Muchas gracias por vuestra atenci\u00f3n y colaboraci\u00f3n.<\/p>\n\n\n\n<p class=\"has-medium-font-size\">ALIANZA POR EL COMERCIO Y LA VIVIENDA<\/p>\n<p>Impactos: 48<\/p>","protected":false},"excerpt":{"rendered":"<p>Estamos recogiendo firmas para presentarnos a las elecciones generales Descarga el documento de avales que tienes a tu derecha y lo imprimes, recuerda que solo tienes que rellenar los campos de nombre, sexo, dni, fecha de nacimiento, localidad donde estas empadronado. Solo son validas las firmas de DNI \u00f3sea espa\u00f1oles y que est\u00e9n empadronados en [&hellip;]<\/p>\n","protected":false},"author":1,"featured_media":614,"parent":0,"menu_order":0,"comment_status":"closed","ping_status":"closed","template":"","meta":{"om_disable_all_campaigns":false,"_mi_skip_tracking":false,"_monsterinsights_sitenote_active":false,"_monsterinsights_sitenote_note":"","_monsterinsights_sitenote_category":0,"footnotes":""},"aioseo_notices":[],"yoast_head":"<!-- This site is optimized with the Yoast SEO plugin v20.8 - https:\/\/yoast.com\/wordpress\/plugins\/seo\/ -->\n<title>Firmas elecciones Cortes Generales 23J - Alianza por el Comercio y la Vivienda<\/title>\n<meta name=\"description\" content=\"Por eso, desde el partido pol\u00edtico ALIANZA POR EL COMERCIO Y LA VIVIENDA, os pedimos vuestra colaboraci\u00f3n para recoger las firmas necesarias que nos permitan presentarnos a las elecciones y tener representaci\u00f3n en las cortes.\" \/>\n<meta name=\"robots\" content=\"index, follow, max-snippet:-1, max-image-preview:large, max-video-preview:-1\" \/>\n<link rel=\"canonical\" href=\"https:\/\/acv.pm\/index.php\/firmas-elecciones-cortes-generales-23j\/\" \/>\n<meta property=\"og:locale\" content=\"es_ES\" \/>\n<meta property=\"og:type\" content=\"article\" \/>\n<meta property=\"og:title\" content=\"Firmas elecciones Cortes Generales 23J - Alianza por el Comercio y la Vivienda\" \/>\n<meta property=\"og:description\" content=\"Por eso, desde el partido pol\u00edtico ALIANZA POR EL COMERCIO Y LA VIVIENDA, os pedimos vuestra colaboraci\u00f3n para recoger las firmas necesarias que nos permitan presentarnos a las elecciones y tener representaci\u00f3n en las cortes.\" \/>\n<meta property=\"og:url\" content=\"https:\/\/acv.pm\/index.php\/firmas-elecciones-cortes-generales-23j\/\" \/>\n<meta property=\"og:site_name\" content=\"Alianza por el Comercio y la Vivienda\" \/>\n<meta property=\"article:publisher\" content=\"https:\/\/www.facebook.com\/WWW.ACV.PM\" \/>\n<meta property=\"article:modified_time\" content=\"2023-06-07T18:16:19+00:00\" \/>\n<meta property=\"og:image\" content=\"https:\/\/acv.pm\/wp-content\/uploads\/2023\/06\/avales-generales-2023.png\" \/>\n\t<meta property=\"og:image:width\" content=\"585\" \/>\n\t<meta property=\"og:image:height\" content=\"838\" \/>\n\t<meta property=\"og:image:type\" content=\"image\/png\" \/>\n<meta name=\"twitter:card\" content=\"summary_large_image\" \/>\n<meta name=\"twitter:label1\" content=\"Tiempo de lectura\" \/>\n\t<meta name=\"twitter:data1\" content=\"2 minutos\" \/>\n<script type=\"application\/ld+json\" class=\"yoast-schema-graph\">{\"@context\":\"https:\/\/schema.org\",\"@graph\":[{\"@type\":\"WebPage\",\"@id\":\"https:\/\/acv.pm\/index.php\/firmas-elecciones-cortes-generales-23j\/\",\"url\":\"https:\/\/acv.pm\/index.php\/firmas-elecciones-cortes-generales-23j\/\",\"name\":\"Firmas elecciones Cortes Generales 23J - Alianza por el Comercio y la Vivienda\",\"isPartOf\":{\"@id\":\"https:\/\/acv.pm\/#website\"},\"datePublished\":\"2023-06-07T17:18:19+00:00\",\"dateModified\":\"2023-06-07T18:16:19+00:00\",\"description\":\"Por eso, desde el partido pol\u00edtico ALIANZA POR EL COMERCIO Y LA VIVIENDA, os pedimos vuestra colaboraci\u00f3n para recoger las firmas necesarias que nos permitan presentarnos a las elecciones y tener representaci\u00f3n en las cortes.\",\"breadcrumb\":{\"@id\":\"https:\/\/acv.pm\/index.php\/firmas-elecciones-cortes-generales-23j\/#breadcrumb\"},\"inLanguage\":\"es\",\"potentialAction\":[{\"@type\":\"ReadAction\",\"target\":[\"https:\/\/acv.pm\/index.php\/firmas-elecciones-cortes-generales-23j\/\"]}]},{\"@type\":\"BreadcrumbList\",\"@id\":\"https:\/\/acv.pm\/index.php\/firmas-elecciones-cortes-generales-23j\/#breadcrumb\",\"itemListElement\":[{\"@type\":\"ListItem\",\"position\":1,\"name\":\"Portada\",\"item\":\"https:\/\/acv.pm\/\"},{\"@type\":\"ListItem\",\"position\":2,\"name\":\"Firmas elecciones Cortes Generales 23J\"}]},{\"@type\":\"WebSite\",\"@id\":\"https:\/\/acv.pm\/#website\",\"url\":\"https:\/\/acv.pm\/\",\"name\":\"Alianza por el Comercio y la Vivienda\",\"description\":\"\",\"publisher\":{\"@id\":\"https:\/\/acv.pm\/#organization\"},\"potentialAction\":[{\"@type\":\"SearchAction\",\"target\":{\"@type\":\"EntryPoint\",\"urlTemplate\":\"https:\/\/acv.pm\/?s={search_term_string}\"},\"query-input\":\"required name=search_term_string\"}],\"inLanguage\":\"es\"},{\"@type\":\"Organization\",\"@id\":\"https:\/\/acv.pm\/#organization\",\"name\":\"Alianza por el Comercio y la Vivienda\",\"url\":\"https:\/\/acv.pm\/\",\"logo\":{\"@type\":\"ImageObject\",\"inLanguage\":\"es\",\"@id\":\"https:\/\/acv.pm\/#\/schema\/logo\/image\/\",\"url\":\"http:\/\/acv.pm\/wp-content\/uploads\/2023\/05\/logogif.gif\",\"contentUrl\":\"http:\/\/acv.pm\/wp-content\/uploads\/2023\/05\/logogif.gif\",\"width\":377,\"height\":352,\"caption\":\"Alianza por el Comercio y la Vivienda\"},\"image\":{\"@id\":\"https:\/\/acv.pm\/#\/schema\/logo\/image\/\"},\"sameAs\":[\"https:\/\/www.facebook.com\/WWW.ACV.PM\",\"https:\/\/www.youtube.com\/@AlianzaPorElComercioyVivienda\"]}]}<\/script>\n<!-- \/ Yoast SEO plugin. -->","yoast_head_json":{"title":"Firmas elecciones Cortes Generales 23J - Alianza por el Comercio y la Vivienda","description":"Por eso, desde el partido pol\u00edtico ALIANZA POR EL COMERCIO Y LA VIVIENDA, os pedimos vuestra colaboraci\u00f3n para recoger las firmas necesarias que nos permitan presentarnos a las elecciones y tener representaci\u00f3n en las cortes.","robots":{"index":"index","follow":"follow","max-snippet":"max-snippet:-1","max-image-preview":"max-image-preview:large","max-video-preview":"max-video-preview:-1"},"canonical":"https:\/\/acv.pm\/index.php\/firmas-elecciones-cortes-generales-23j\/","og_locale":"es_ES","og_type":"article","og_title":"Firmas elecciones Cortes Generales 23J - Alianza por el Comercio y la Vivienda","og_description":"Por eso, desde el partido pol\u00edtico ALIANZA POR EL COMERCIO Y LA VIVIENDA, os pedimos vuestra colaboraci\u00f3n para recoger las firmas necesarias que nos permitan presentarnos a las elecciones y tener representaci\u00f3n en las cortes.","og_url":"https:\/\/acv.pm\/index.php\/firmas-elecciones-cortes-generales-23j\/","og_site_name":"Alianza por el Comercio y la Vivienda","article_publisher":"https:\/\/www.facebook.com\/WWW.ACV.PM","article_modified_time":"2023-06-07T18:16:19+00:00","og_image":[{"width":585,"height":838,"url":"https:\/\/acv.pm\/wp-content\/uploads\/2023\/06\/avales-generales-2023.png","type":"image\/png"}],"twitter_card":"summary_large_image","twitter_misc":{"Tiempo de lectura":"2 minutos"},"schema":{"@context":"https:\/\/schema.org","@graph":[{"@type":"WebPage","@id":"https:\/\/acv.pm\/index.php\/firmas-elecciones-cortes-generales-23j\/","url":"https:\/\/acv.pm\/index.php\/firmas-elecciones-cortes-generales-23j\/","name":"Firmas elecciones Cortes Generales 23J - Alianza por el Comercio y la Vivienda","isPartOf":{"@id":"https:\/\/acv.pm\/#website"},"datePublished":"2023-06-07T17:18:19+00:00","dateModified":"2023-06-07T18:16:19+00:00","description":"Por eso, desde el partido pol\u00edtico ALIANZA POR EL COMERCIO Y LA VIVIENDA, os pedimos vuestra colaboraci\u00f3n para recoger las firmas necesarias que nos permitan presentarnos a las elecciones y tener representaci\u00f3n en las cortes.","breadcrumb":{"@id":"https:\/\/acv.pm\/index.php\/firmas-elecciones-cortes-generales-23j\/#breadcrumb"},"inLanguage":"es","potentialAction":[{"@type":"ReadAction","target":["https:\/\/acv.pm\/index.php\/firmas-elecciones-cortes-generales-23j\/"]}]},{"@type":"BreadcrumbList","@id":"https:\/\/acv.pm\/index.php\/firmas-elecciones-cortes-generales-23j\/#breadcrumb","itemListElement":[{"@type":"ListItem","position":1,"name":"Portada","item":"https:\/\/acv.pm\/"},{"@type":"ListItem","position":2,"name":"Firmas elecciones Cortes Generales 23J"}]},{"@type":"WebSite","@id":"https:\/\/acv.pm\/#website","url":"https:\/\/acv.pm\/","name":"Alianza por el Comercio y la Vivienda","description":"","publisher":{"@id":"https:\/\/acv.pm\/#organization"},"potentialAction":[{"@type":"SearchAction","target":{"@type":"EntryPoint","urlTemplate":"https:\/\/acv.pm\/?s={search_term_string}"},"query-input":"required name=search_term_string"}],"inLanguage":"es"},{"@type":"Organization","@id":"https:\/\/acv.pm\/#organization","name":"Alianza por el Comercio y la Vivienda","url":"https:\/\/acv.pm\/","logo":{"@type":"ImageObject","inLanguage":"es","@id":"https:\/\/acv.pm\/#\/schema\/logo\/image\/","url":"http:\/\/acv.pm\/wp-content\/uploads\/2023\/05\/logogif.gif","contentUrl":"http:\/\/acv.pm\/wp-content\/uploads\/2023\/05\/logogif.gif","width":377,"height":352,"caption":"Alianza por el Comercio y la Vivienda"},"image":{"@id":"https:\/\/acv.pm\/#\/schema\/logo\/image\/"},"sameAs":["https:\/\/www.facebook.com\/WWW.ACV.PM","https:\/\/www.youtube.com\/@AlianzaPorElComercioyVivienda"]}]}},"_links":{"self":[{"href":"https:\/\/acv.pm\/index.php\/wp-json\/wp\/v2\/pages\/612"}],"collection":[{"href":"https:\/\/acv.pm\/index.php\/wp-json\/wp\/v2\/pages"}],"about":[{"href":"https:\/\/acv.pm\/index.php\/wp-json\/wp\/v2\/types\/page"}],"author":[{"embeddable":true,"href":"https:\/\/acv.pm\/index.php\/wp-json\/wp\/v2\/users\/1"}],"replies":[{"embeddable":true,"href":"https:\/\/acv.pm\/index.php\/wp-json\/wp\/v2\/comments?post=612"}],"version-history":[{"count":4,"href":"https:\/\/acv.pm\/index.php\/wp-json\/wp\/v2\/pages\/612\/revisions"}],"predecessor-version":[{"id":621,"href":"https:\/\/acv.pm\/index.php\/wp-json\/wp\/v2\/pages\/612\/revisions\/621"}],"wp:featuredmedia":[{"embeddable":true,"href":"https:\/\/acv.pm\/index.php\/wp-json\/wp\/v2\/media\/614"}],"wp:attachment":[{"href":"https:\/\/acv.pm\/index.php\/wp-json\/wp\/v2\/media?parent=612"}],"curies":[{"name":"wp","href":"https:\/\/api.w.org\/{rel}","templated":true}]}}