{"id":263,"date":"2023-03-25T20:07:28","date_gmt":"2023-03-25T17:37:28","guid":{"rendered":"https:\/\/acv.pm\/?page_id=263"},"modified":"2023-05-10T00:36:28","modified_gmt":"2023-05-09T22:36:28","slug":"benidorm","status":"publish","type":"page","link":"https:\/\/acv.pm\/index.php\/benidorm\/","title":{"rendered":"AYUNTAMIENTO BENIDORM"},"content":{"rendered":"\n<div class=\"wp-block-columns is-layout-flex wp-container-core-columns-layout-1 wp-block-columns-is-layout-flex\">\n<div class=\"wp-block-column is-layout-flow wp-block-column-is-layout-flow\" style=\"flex-basis:33.33%\">\n<figure class=\"wp-block-image size-large is-resized\"><img loading=\"lazy\" decoding=\"async\" src=\"https:\/\/acv.pm\/wp-content\/uploads\/2023\/03\/Francisco03-1-796x1024.png\" alt=\"\" class=\"wp-image-295\" width=\"265\" height=\"340\" srcset=\"https:\/\/acv.pm\/wp-content\/uploads\/2023\/03\/Francisco03-1-796x1024.png 796w, https:\/\/acv.pm\/wp-content\/uploads\/2023\/03\/Francisco03-1-233x300.png 233w, https:\/\/acv.pm\/wp-content\/uploads\/2023\/03\/Francisco03-1-768x988.png 768w, https:\/\/acv.pm\/wp-content\/uploads\/2023\/03\/Francisco03-1.png 859w\" sizes=\"(max-width: 265px) 100vw, 265px\" \/><\/figure>\n<\/div>\n\n\n\n<div class=\"wp-block-column is-layout-flow wp-block-column-is-layout-flow\" style=\"flex-basis:66.66%\">\n<p class=\"has-large-font-size\"><strong>Francisco  S\u00e1nchez <\/strong><\/p>\n\n\n\n<p class=\"has-medium-font-size\"><strong>Candidato a la alcald\u00eda de Benidorm.<\/strong><\/p>\n\n\n\n<p>No quiero ser alcalde pero s\u00ed concejal de comercio y vivienda. Entendemos que en nuestro municipio no se hace lo suficiente para frenar el cierre de los comercios , pues pasa todo lo contrario, se intenta abrir un gran centro comercial de grandes multinacionales que har\u00e1 que nuestro comercio cierre sus puertas definitivamente, as\u00ed como los empleos de las miles de personas que dependemos de ellos.<\/p>\n<\/div>\n<\/div>\n\n\n\n<p>EQUIPO.<\/p>\n\n\n\n<figure class=\"wp-block-gallery has-nested-images columns-default is-cropped wp-block-gallery-1 is-layout-flex wp-block-gallery-is-layout-flex\">\n<figure class=\"wp-block-image size-large\"><img loading=\"lazy\" decoding=\"async\" width=\"501\" height=\"1024\" data-id=\"299\" src=\"https:\/\/acv.pm\/wp-content\/uploads\/2023\/03\/ALIANZA-POR-EL-COMERCIO-Y-LA-VIVIENDA-1-501x1024.jpeg\" alt=\"\" class=\"wp-image-299\" srcset=\"https:\/\/acv.pm\/wp-content\/uploads\/2023\/03\/ALIANZA-POR-EL-COMERCIO-Y-LA-VIVIENDA-1-501x1024.jpeg 501w, https:\/\/acv.pm\/wp-content\/uploads\/2023\/03\/ALIANZA-POR-EL-COMERCIO-Y-LA-VIVIENDA-1-147x300.jpeg 147w, https:\/\/acv.pm\/wp-content\/uploads\/2023\/03\/ALIANZA-POR-EL-COMERCIO-Y-LA-VIVIENDA-1-768x1571.jpeg 768w, https:\/\/acv.pm\/wp-content\/uploads\/2023\/03\/ALIANZA-POR-EL-COMERCIO-Y-LA-VIVIENDA-1-751x1536.jpeg 751w, https:\/\/acv.pm\/wp-content\/uploads\/2023\/03\/ALIANZA-POR-EL-COMERCIO-Y-LA-VIVIENDA-1.jpeg 837w\" sizes=\"(max-width: 501px) 100vw, 501px\" \/><\/figure>\n\n\n\n<figure class=\"wp-block-image size-large\"><img loading=\"lazy\" decoding=\"async\" width=\"902\" height=\"1024\" data-id=\"296\" src=\"https:\/\/acv.pm\/wp-content\/uploads\/2023\/03\/ALIANZA-POR-EL-COMERCIO-Y-LA-VIVIENDA-2-902x1024.jpeg\" alt=\"\" class=\"wp-image-296\" srcset=\"https:\/\/acv.pm\/wp-content\/uploads\/2023\/03\/ALIANZA-POR-EL-COMERCIO-Y-LA-VIVIENDA-2-902x1024.jpeg 902w, https:\/\/acv.pm\/wp-content\/uploads\/2023\/03\/ALIANZA-POR-EL-COMERCIO-Y-LA-VIVIENDA-2-264x300.jpeg 264w, https:\/\/acv.pm\/wp-content\/uploads\/2023\/03\/ALIANZA-POR-EL-COMERCIO-Y-LA-VIVIENDA-2-768x872.jpeg 768w, https:\/\/acv.pm\/wp-content\/uploads\/2023\/03\/ALIANZA-POR-EL-COMERCIO-Y-LA-VIVIENDA-2.jpeg 1057w\" sizes=\"(max-width: 902px) 100vw, 902px\" \/><\/figure>\n\n\n\n<figure class=\"wp-block-image size-large\"><img loading=\"lazy\" decoding=\"async\" width=\"1024\" height=\"1012\" data-id=\"297\" src=\"https:\/\/acv.pm\/wp-content\/uploads\/2023\/03\/ALIANZA-POR-EL-COMERCIO-Y-LA-VIVIENDA-3-1024x1012.jpeg\" alt=\"\" class=\"wp-image-297\" srcset=\"https:\/\/acv.pm\/wp-content\/uploads\/2023\/03\/ALIANZA-POR-EL-COMERCIO-Y-LA-VIVIENDA-3-1024x1012.jpeg 1024w, https:\/\/acv.pm\/wp-content\/uploads\/2023\/03\/ALIANZA-POR-EL-COMERCIO-Y-LA-VIVIENDA-3-300x297.jpeg 300w, https:\/\/acv.pm\/wp-content\/uploads\/2023\/03\/ALIANZA-POR-EL-COMERCIO-Y-LA-VIVIENDA-3-768x759.jpeg 768w, https:\/\/acv.pm\/wp-content\/uploads\/2023\/03\/ALIANZA-POR-EL-COMERCIO-Y-LA-VIVIENDA-3.jpeg 1200w\" sizes=\"(max-width: 1024px) 100vw, 1024px\" \/><\/figure>\n\n\n\n<figure class=\"wp-block-image size-large\"><img loading=\"lazy\" decoding=\"async\" width=\"585\" height=\"1024\" data-id=\"300\" src=\"https:\/\/acv.pm\/wp-content\/uploads\/2023\/03\/ALIANZA-POR-EL-COMERCIO-Y-LA-VIVIENDA-4-585x1024.jpeg\" alt=\"\" class=\"wp-image-300\" srcset=\"https:\/\/acv.pm\/wp-content\/uploads\/2023\/03\/ALIANZA-POR-EL-COMERCIO-Y-LA-VIVIENDA-4-585x1024.jpeg 585w, https:\/\/acv.pm\/wp-content\/uploads\/2023\/03\/ALIANZA-POR-EL-COMERCIO-Y-LA-VIVIENDA-4-171x300.jpeg 171w, https:\/\/acv.pm\/wp-content\/uploads\/2023\/03\/ALIANZA-POR-EL-COMERCIO-Y-LA-VIVIENDA-4-768x1344.jpeg 768w, https:\/\/acv.pm\/wp-content\/uploads\/2023\/03\/ALIANZA-POR-EL-COMERCIO-Y-LA-VIVIENDA-4-878x1536.jpeg 878w, https:\/\/acv.pm\/wp-content\/uploads\/2023\/03\/ALIANZA-POR-EL-COMERCIO-Y-LA-VIVIENDA-4.jpeg 970w\" sizes=\"(max-width: 585px) 100vw, 585px\" \/><\/figure>\n\n\n\n<figure class=\"wp-block-image size-large\"><img loading=\"lazy\" decoding=\"async\" width=\"768\" height=\"1024\" data-id=\"298\" src=\"https:\/\/acv.pm\/wp-content\/uploads\/2023\/03\/ALIANZA-POR-EL-COMERCIO-Y-LA-VIVIENDA-5-768x1024.jpeg\" alt=\"\" class=\"wp-image-298\" srcset=\"https:\/\/acv.pm\/wp-content\/uploads\/2023\/03\/ALIANZA-POR-EL-COMERCIO-Y-LA-VIVIENDA-5-768x1024.jpeg 768w, https:\/\/acv.pm\/wp-content\/uploads\/2023\/03\/ALIANZA-POR-EL-COMERCIO-Y-LA-VIVIENDA-5-225x300.jpeg 225w, https:\/\/acv.pm\/wp-content\/uploads\/2023\/03\/ALIANZA-POR-EL-COMERCIO-Y-LA-VIVIENDA-5-1152x1536.jpeg 1152w, https:\/\/acv.pm\/wp-content\/uploads\/2023\/03\/ALIANZA-POR-EL-COMERCIO-Y-LA-VIVIENDA-5.jpeg 1536w\" sizes=\"(max-width: 768px) 100vw, 768px\" \/><\/figure>\n\n\n\n<figure class=\"wp-block-image size-large\"><img loading=\"lazy\" decoding=\"async\" width=\"1024\" height=\"1013\" data-id=\"301\" src=\"https:\/\/acv.pm\/wp-content\/uploads\/2023\/03\/ALIANZA-POR-EL-COMERCIO-Y-LA-VIVIENDA-6-1024x1013.jpeg\" alt=\"\" class=\"wp-image-301\" srcset=\"https:\/\/acv.pm\/wp-content\/uploads\/2023\/03\/ALIANZA-POR-EL-COMERCIO-Y-LA-VIVIENDA-6-1024x1013.jpeg 1024w, https:\/\/acv.pm\/wp-content\/uploads\/2023\/03\/ALIANZA-POR-EL-COMERCIO-Y-LA-VIVIENDA-6-300x297.jpeg 300w, https:\/\/acv.pm\/wp-content\/uploads\/2023\/03\/ALIANZA-POR-EL-COMERCIO-Y-LA-VIVIENDA-6-768x759.jpeg 768w, https:\/\/acv.pm\/wp-content\/uploads\/2023\/03\/ALIANZA-POR-EL-COMERCIO-Y-LA-VIVIENDA-6.jpeg 1070w\" sizes=\"(max-width: 1024px) 100vw, 1024px\" \/><\/figure>\n<\/figure>\n\n\n\n<p><\/p>\n\n\n\n<p class=\"has-large-font-size\"><strong>LISTAS AYUNTAMIENTO BENIDORM<\/strong><\/p>\n\n\n\n<p><\/p>\n\n\n\n<p>1 Francisco S\u00e1nchez P\u00e9rez&nbsp;&nbsp;&nbsp;&nbsp;&nbsp;&nbsp;&nbsp;&nbsp;&nbsp;&nbsp;&nbsp;&nbsp;&nbsp;&nbsp;&nbsp;&nbsp;&nbsp;&nbsp;&nbsp;&nbsp;&nbsp;&nbsp;&nbsp;&nbsp;&nbsp;&nbsp;&nbsp;&nbsp;&nbsp;&nbsp;&nbsp;&nbsp;&nbsp;&nbsp;&nbsp;&nbsp;&nbsp;&nbsp;&nbsp;&nbsp;<\/p>\n\n\n\n<p>2&nbsp; Vicente Palau Lled\u00f3<\/p>\n\n\n\n<p>3 MARIA CARMEN GOMEZ ABAD<\/p>\n\n\n\n<p>4 MARIA JOSE NAVAS PE\u00d1A<\/p>\n\n\n\n<p>5 JUAN CARLOS MESA BRAN<\/p>\n\n\n\n<p><\/p>\n\n\n\n<p>6 EVA BELEN MENDA\u00d1A MIGALLON<\/p>\n\n\n\n<p>7 Felipe PATON MENDOZA<\/p>\n\n\n\n<p>8 &nbsp;Blanca STHELA Punina GUANO<\/p>\n\n\n\n<p>9 Raymonde LOUISE MARYLENE<\/p>\n\n\n\n<p>10&nbsp; ALFONSO L\u00d3PEZ SIMARRO <\/p>\n\n\n\n<p><\/p>\n\n\n\n<p>11 MANUEL RAFAEL ESQUEMBRE BA\u00d1ULS<\/p>\n\n\n\n<p>12&nbsp; HECTOR FERNADO BARRETO DIAZ<\/p>\n\n\n\n<p>13 ANTONIA VILLACRECES RUBIO<\/p>\n\n\n\n<p>14 MARIA TERESA GONZALO MOLINA<\/p>\n\n\n\n<p>15&nbsp; DAMIAN LOPEZ SOLER<\/p>\n\n\n\n<p><\/p>\n\n\n\n<p>16 MARIA BELEN GAJATE GOMEZ<\/p>\n\n\n\n<p>17 GEORGIANA GLIGA IVANOIU<\/p>\n\n\n\n<p>18 Sandra Avenida los almendros<\/p>\n\n\n\n<p>19 Francisco Marcilla Vargas<\/p>\n\n\n\n<p>20 JAVIER SANCHEZ NARBON<\/p>\n\n\n\n<p><\/p>\n\n\n\n<p>21 MONICA MONTORE PANADERO<\/p>\n\n\n\n<p>22 ENRIQUE LOPEZ RICO<\/p>\n\n\n\n<p>23 Felicidad Migallon Migallon<\/p>\n\n\n\n<p>24 JORGE ALBERTO IVARS PEREZ<\/p>\n\n\n\n<p>25<\/p>\n\n\n\n<p><\/p>\n\n\n\n<p>RESERVAS<\/p>\n\n\n\n<p>26<\/p>\n\n\n\n<p>27<\/p>\n\n\n\n<p>28<\/p>\n<p>Impactos: 332<\/p>","protected":false},"excerpt":{"rendered":"<p>Francisco S\u00e1nchez Candidato a la alcald\u00eda de Benidorm. No quiero ser alcalde pero s\u00ed concejal de comercio y vivienda. Entendemos que en nuestro municipio no se hace lo suficiente para frenar el cierre de los comercios , pues pasa todo lo contrario, se intenta abrir un gran centro comercial de grandes multinacionales que har\u00e1 que [&hellip;]<\/p>\n","protected":false},"author":1,"featured_media":295,"parent":0,"menu_order":0,"comment_status":"closed","ping_status":"closed","template":"","meta":{"om_disable_all_campaigns":false,"_mi_skip_tracking":false,"_monsterinsights_sitenote_active":false,"_monsterinsights_sitenote_note":"","_monsterinsights_sitenote_category":0,"footnotes":""},"aioseo_notices":[],"yoast_head":"<!-- This site is optimized with the Yoast SEO plugin v20.8 - https:\/\/yoast.com\/wordpress\/plugins\/seo\/ -->\n<title>AYUNTAMIENTO BENIDORM - Alianza por el Comercio y la Vivienda<\/title>\n<meta name=\"robots\" content=\"index, follow, max-snippet:-1, max-image-preview:large, max-video-preview:-1\" \/>\n<link rel=\"canonical\" href=\"https:\/\/acv.pm\/index.php\/benidorm\/\" \/>\n<meta property=\"og:locale\" content=\"es_ES\" \/>\n<meta property=\"og:type\" content=\"article\" \/>\n<meta property=\"og:title\" content=\"AYUNTAMIENTO BENIDORM - Alianza por el Comercio y la Vivienda\" \/>\n<meta property=\"og:description\" content=\"Francisco S\u00e1nchez Candidato a la alcald\u00eda de Benidorm. No quiero ser alcalde pero s\u00ed concejal de comercio y vivienda. Entendemos que en nuestro municipio no se hace lo suficiente para frenar el cierre de los comercios , pues pasa todo lo contrario, se intenta abrir un gran centro comercial de grandes multinacionales que har\u00e1 que [&hellip;]\" \/>\n<meta property=\"og:url\" content=\"https:\/\/acv.pm\/index.php\/benidorm\/\" \/>\n<meta property=\"og:site_name\" content=\"Alianza por el Comercio y la Vivienda\" \/>\n<meta property=\"article:publisher\" content=\"https:\/\/www.facebook.com\/WWW.ACV.PM\" \/>\n<meta property=\"article:modified_time\" content=\"2023-05-09T22:36:28+00:00\" \/>\n<meta property=\"og:image\" content=\"https:\/\/acv.pm\/wp-content\/uploads\/2023\/03\/Francisco03-1.png\" \/>\n\t<meta property=\"og:image:width\" content=\"859\" \/>\n\t<meta property=\"og:image:height\" content=\"1105\" \/>\n\t<meta property=\"og:image:type\" content=\"image\/png\" \/>\n<meta name=\"twitter:card\" content=\"summary_large_image\" \/>\n<meta name=\"twitter:label1\" content=\"Tiempo de lectura\" \/>\n\t<meta name=\"twitter:data1\" content=\"1 minuto\" \/>\n<script type=\"application\/ld+json\" class=\"yoast-schema-graph\">{\"@context\":\"https:\/\/schema.org\",\"@graph\":[{\"@type\":\"WebPage\",\"@id\":\"https:\/\/acv.pm\/index.php\/benidorm\/\",\"url\":\"https:\/\/acv.pm\/index.php\/benidorm\/\",\"name\":\"AYUNTAMIENTO BENIDORM - Alianza por el Comercio y la Vivienda\",\"isPartOf\":{\"@id\":\"https:\/\/acv.pm\/#website\"},\"datePublished\":\"2023-03-25T17:37:28+00:00\",\"dateModified\":\"2023-05-09T22:36:28+00:00\",\"breadcrumb\":{\"@id\":\"https:\/\/acv.pm\/index.php\/benidorm\/#breadcrumb\"},\"inLanguage\":\"es\",\"potentialAction\":[{\"@type\":\"ReadAction\",\"target\":[\"https:\/\/acv.pm\/index.php\/benidorm\/\"]}]},{\"@type\":\"BreadcrumbList\",\"@id\":\"https:\/\/acv.pm\/index.php\/benidorm\/#breadcrumb\",\"itemListElement\":[{\"@type\":\"ListItem\",\"position\":1,\"name\":\"Portada\",\"item\":\"https:\/\/acv.pm\/\"},{\"@type\":\"ListItem\",\"position\":2,\"name\":\"AYUNTAMIENTO BENIDORM\"}]},{\"@type\":\"WebSite\",\"@id\":\"https:\/\/acv.pm\/#website\",\"url\":\"https:\/\/acv.pm\/\",\"name\":\"Alianza por el Comercio y la Vivienda\",\"description\":\"\",\"publisher\":{\"@id\":\"https:\/\/acv.pm\/#organization\"},\"potentialAction\":[{\"@type\":\"SearchAction\",\"target\":{\"@type\":\"EntryPoint\",\"urlTemplate\":\"https:\/\/acv.pm\/?s={search_term_string}\"},\"query-input\":\"required name=search_term_string\"}],\"inLanguage\":\"es\"},{\"@type\":\"Organization\",\"@id\":\"https:\/\/acv.pm\/#organization\",\"name\":\"Alianza por el Comercio y la Vivienda\",\"url\":\"https:\/\/acv.pm\/\",\"logo\":{\"@type\":\"ImageObject\",\"inLanguage\":\"es\",\"@id\":\"https:\/\/acv.pm\/#\/schema\/logo\/image\/\",\"url\":\"http:\/\/acv.pm\/wp-content\/uploads\/2023\/05\/logogif.gif\",\"contentUrl\":\"http:\/\/acv.pm\/wp-content\/uploads\/2023\/05\/logogif.gif\",\"width\":377,\"height\":352,\"caption\":\"Alianza por el Comercio y la Vivienda\"},\"image\":{\"@id\":\"https:\/\/acv.pm\/#\/schema\/logo\/image\/\"},\"sameAs\":[\"https:\/\/www.facebook.com\/WWW.ACV.PM\",\"https:\/\/www.youtube.com\/@AlianzaPorElComercioyVivienda\"]}]}<\/script>\n<!-- \/ Yoast SEO plugin. -->","yoast_head_json":{"title":"AYUNTAMIENTO BENIDORM - Alianza por el Comercio y la Vivienda","robots":{"index":"index","follow":"follow","max-snippet":"max-snippet:-1","max-image-preview":"max-image-preview:large","max-video-preview":"max-video-preview:-1"},"canonical":"https:\/\/acv.pm\/index.php\/benidorm\/","og_locale":"es_ES","og_type":"article","og_title":"AYUNTAMIENTO BENIDORM - Alianza por el Comercio y la Vivienda","og_description":"Francisco S\u00e1nchez Candidato a la alcald\u00eda de Benidorm. No quiero ser alcalde pero s\u00ed concejal de comercio y vivienda. Entendemos que en nuestro municipio no se hace lo suficiente para frenar el cierre de los comercios , pues pasa todo lo contrario, se intenta abrir un gran centro comercial de grandes multinacionales que har\u00e1 que [&hellip;]","og_url":"https:\/\/acv.pm\/index.php\/benidorm\/","og_site_name":"Alianza por el Comercio y la Vivienda","article_publisher":"https:\/\/www.facebook.com\/WWW.ACV.PM","article_modified_time":"2023-05-09T22:36:28+00:00","og_image":[{"width":859,"height":1105,"url":"https:\/\/acv.pm\/wp-content\/uploads\/2023\/03\/Francisco03-1.png","type":"image\/png"}],"twitter_card":"summary_large_image","twitter_misc":{"Tiempo de lectura":"1 minuto"},"schema":{"@context":"https:\/\/schema.org","@graph":[{"@type":"WebPage","@id":"https:\/\/acv.pm\/index.php\/benidorm\/","url":"https:\/\/acv.pm\/index.php\/benidorm\/","name":"AYUNTAMIENTO BENIDORM - Alianza por el Comercio y la Vivienda","isPartOf":{"@id":"https:\/\/acv.pm\/#website"},"datePublished":"2023-03-25T17:37:28+00:00","dateModified":"2023-05-09T22:36:28+00:00","breadcrumb":{"@id":"https:\/\/acv.pm\/index.php\/benidorm\/#breadcrumb"},"inLanguage":"es","potentialAction":[{"@type":"ReadAction","target":["https:\/\/acv.pm\/index.php\/benidorm\/"]}]},{"@type":"BreadcrumbList","@id":"https:\/\/acv.pm\/index.php\/benidorm\/#breadcrumb","itemListElement":[{"@type":"ListItem","position":1,"name":"Portada","item":"https:\/\/acv.pm\/"},{"@type":"ListItem","position":2,"name":"AYUNTAMIENTO BENIDORM"}]},{"@type":"WebSite","@id":"https:\/\/acv.pm\/#website","url":"https:\/\/acv.pm\/","name":"Alianza por el Comercio y la Vivienda","description":"","publisher":{"@id":"https:\/\/acv.pm\/#organization"},"potentialAction":[{"@type":"SearchAction","target":{"@type":"EntryPoint","urlTemplate":"https:\/\/acv.pm\/?s={search_term_string}"},"query-input":"required name=search_term_string"}],"inLanguage":"es"},{"@type":"Organization","@id":"https:\/\/acv.pm\/#organization","name":"Alianza por el Comercio y la Vivienda","url":"https:\/\/acv.pm\/","logo":{"@type":"ImageObject","inLanguage":"es","@id":"https:\/\/acv.pm\/#\/schema\/logo\/image\/","url":"http:\/\/acv.pm\/wp-content\/uploads\/2023\/05\/logogif.gif","contentUrl":"http:\/\/acv.pm\/wp-content\/uploads\/2023\/05\/logogif.gif","width":377,"height":352,"caption":"Alianza por el Comercio y la Vivienda"},"image":{"@id":"https:\/\/acv.pm\/#\/schema\/logo\/image\/"},"sameAs":["https:\/\/www.facebook.com\/WWW.ACV.PM","https:\/\/www.youtube.com\/@AlianzaPorElComercioyVivienda"]}]}},"_links":{"self":[{"href":"https:\/\/acv.pm\/index.php\/wp-json\/wp\/v2\/pages\/263"}],"collection":[{"href":"https:\/\/acv.pm\/index.php\/wp-json\/wp\/v2\/pages"}],"about":[{"href":"https:\/\/acv.pm\/index.php\/wp-json\/wp\/v2\/types\/page"}],"author":[{"embeddable":true,"href":"https:\/\/acv.pm\/index.php\/wp-json\/wp\/v2\/users\/1"}],"replies":[{"embeddable":true,"href":"https:\/\/acv.pm\/index.php\/wp-json\/wp\/v2\/comments?post=263"}],"version-history":[{"count":7,"href":"https:\/\/acv.pm\/index.php\/wp-json\/wp\/v2\/pages\/263\/revisions"}],"predecessor-version":[{"id":377,"href":"https:\/\/acv.pm\/index.php\/wp-json\/wp\/v2\/pages\/263\/revisions\/377"}],"wp:featuredmedia":[{"embeddable":true,"href":"https:\/\/acv.pm\/index.php\/wp-json\/wp\/v2\/media\/295"}],"wp:attachment":[{"href":"https:\/\/acv.pm\/index.php\/wp-json\/wp\/v2\/media?parent=263"}],"curies":[{"name":"wp","href":"https:\/\/api.w.org\/{rel}","templated":true}]}}